{"id":1063,"date":"2024-06-12T08:29:15","date_gmt":"2024-06-12T08:29:15","guid":{"rendered":"https:\/\/kultur-netzwerk-leimen.de\/?post_type=tribe_events&#038;p=1063"},"modified":"2024-06-12T08:34:35","modified_gmt":"2024-06-12T08:34:35","slug":"gartenliebe-gespraechsrunde-fuer-pflanzeninteressierte","status":"publish","type":"tribe_events","link":"https:\/\/kultur-netzwerk-leimen.de\/?tribe_events=gartenliebe-gespraechsrunde-fuer-pflanzeninteressierte","title":{"rendered":"&#8222;GartenLiebe&#8220; Gespr\u00e4chsrunde f\u00fcr Pflanzeninteressierte"},"content":{"rendered":"<p><strong>GartenLiebe &#8211; Gespr\u00e4chsrunde f\u00fcr Pflanzeninteressierte<\/strong><br \/>\nG\u00e4rtnern Sie gerne oder m\u00f6chten Sie ein paar Anregungen und Tipps? Dann ist diese Gespr\u00e4chsrunde, die regelm\u00e4\u00dfig am ersten Dienstag eines Monats im QUER zusammenkommt, vielleicht das Richtige. Hier findet ein Austausch statt zwischen Gartenbegeisterten und solchen, die es werden wollen.<\/p>\n","protected":false},"excerpt":{"rendered":"<p>GartenLiebe &#8211; Gespr\u00e4chsrunde f\u00fcr Pflanzeninteressierte G\u00e4rtnern Sie gerne oder m\u00f6chten Sie ein paar Anregungen und Tipps? Dann ist &#8230; <a class=\"more-link\" href=\"https:\/\/kultur-netzwerk-leimen.de\/?tribe_events=gartenliebe-gespraechsrunde-fuer-pflanzeninteressierte\">Read More &raquo;<\/a><\/p>\n","protected":false},"author":2,"featured_media":1068,"template":"","meta":{"give_campaign_id":0,"_tribe_events_status":"","_tribe_events_status_reason":"","_tribe_events_is_hybrid":"","_tribe_events_is_virtual":"","_tribe_events_virtual_video_source":"","_tribe_events_virtual_embed_video":"","_tribe_events_virtual_linked_button_text":"","_tribe_events_virtual_linked_button":"","_tribe_events_virtual_show_embed_at":"","_tribe_events_virtual_show_embed_to":[],"_tribe_events_virtual_show_on_event":"","_tribe_events_virtual_show_on_views":"","_tribe_events_virtual_url":"","footnotes":""},"tags":[],"tribe_events_cat":[],"class_list":["post-1063","tribe_events","type-tribe_events","status-publish","has-post-thumbnail","hentry"],"_links":{"self":[{"href":"https:\/\/kultur-netzwerk-leimen.de\/index.php?rest_route=\/wp\/v2\/tribe_events\/1063","targetHints":{"allow":["GET"]}}],"collection":[{"href":"https:\/\/kultur-netzwerk-leimen.de\/index.php?rest_route=\/wp\/v2\/tribe_events"}],"about":[{"href":"https:\/\/kultur-netzwerk-leimen.de\/index.php?rest_route=\/wp\/v2\/types\/tribe_events"}],"author":[{"embeddable":true,"href":"https:\/\/kultur-netzwerk-leimen.de\/index.php?rest_route=\/wp\/v2\/users\/2"}],"version-history":[{"count":2,"href":"https:\/\/kultur-netzwerk-leimen.de\/index.php?rest_route=\/wp\/v2\/tribe_events\/1063\/revisions"}],"predecessor-version":[{"id":1065,"href":"https:\/\/kultur-netzwerk-leimen.de\/index.php?rest_route=\/wp\/v2\/tribe_events\/1063\/revisions\/1065"}],"wp:featuredmedia":[{"embeddable":true,"href":"https:\/\/kultur-netzwerk-leimen.de\/index.php?rest_route=\/wp\/v2\/media\/1068"}],"wp:attachment":[{"href":"https:\/\/kultur-netzwerk-leimen.de\/index.php?rest_route=%2Fwp%2Fv2%2Fmedia&parent=1063"}],"wp:term":[{"taxonomy":"post_tag","embeddable":true,"href":"https:\/\/kultur-netzwerk-leimen.de\/index.php?rest_route=%2Fwp%2Fv2%2Ftags&post=1063"},{"taxonomy":"tribe_events_cat","embeddable":true,"href":"https:\/\/kultur-netzwerk-leimen.de\/index.php?rest_route=%2Fwp%2Fv2%2Ftribe_events_cat&post=1063"}],"curies":[{"name":"wp","href":"https:\/\/api.w.org\/{rel}","templated":true}]}}